{"id":51435,"date":"2021-07-01T08:55:37","date_gmt":"2021-07-01T06:55:37","guid":{"rendered":"https:\/\/www.metaltex.com\/privacy-policy\/"},"modified":"2023-11-29T17:22:31","modified_gmt":"2023-11-29T16:22:31","slug":"informativa-privacy","status":"publish","type":"page","link":"https:\/\/www.metaltex.com\/it\/informativa-privacy\/","title":{"rendered":"INFORMATIVA PRIVACY"},"content":{"rendered":"<div class=\"fusion-fullwidth fullwidth-box fusion-builder-row-1 fusion-flex-container nonhundred-percent-fullwidth non-hundred-percent-height-scrolling\" style=\"--awb-border-radius-top-left:0px;--awb-border-radius-top-right:0px;--awb-border-radius-bottom-right:0px;--awb-border-radius-bottom-left:0px;--awb-flex-wrap:wrap;\" ><div class=\"fusion-builder-row fusion-row fusion-flex-align-items-flex-start fusion-flex-content-wrap\" style=\"max-width:1352px;margin-left: calc(-4% \/ 2 );margin-right: calc(-4% \/ 2 );\"><div class=\"fusion-layout-column fusion_builder_column fusion-builder-column-0 fusion_builder_column_1_1 1_1 fusion-flex-column\" style=\"--awb-bg-size:cover;--awb-width-large:100%;--awb-margin-top-large:0px;--awb-spacing-right-large:1.92%;--awb-margin-bottom-large:0px;--awb-spacing-left-large:1.92%;--awb-width-medium:100%;--awb-spacing-right-medium:1.92%;--awb-spacing-left-medium:1.92%;--awb-width-small:100%;--awb-spacing-right-small:1.92%;--awb-spacing-left-small:1.92%;\"><div class=\"fusion-column-wrapper fusion-flex-justify-content-flex-start fusion-content-layout-column\"><div class=\"fusion-text fusion-text-1\"><div id=\"privacypage\">\n<h3><b>Codice di protezione dei dati personali ai sensi dell\u2019Art. 13 del Regolamento N. 679\/2016 GDPR.<\/b><\/h3>\n<h3><b>Responsabile del trattamento<\/b><\/h3>\n<p><b>METALTEX SA<\/b><b><br \/>\n<\/b><span style=\"font-weight: 400;\">via Pra Vicc 2<\/span><span style=\"font-weight: 400;\"><br \/>\n<\/span><span style=\"font-weight: 400;\">CH-6852 Genestrerio<\/span><span style=\"font-weight: 400;\"><br \/>\n<\/span><span style=\"font-weight: 400;\">Switzerland<\/span><\/p>\n<h3><b>Responsabile della protezione dei dati (RDP)<\/b><\/h3>\n<p><span style=\"font-weight: 400;\">Il responsabile della protezione dei dati (RPD) designato per ricevere richieste da parte degli interessati per esercitare i loro diritti, \u00e8 l&#8217;avv. Barbara Anzani di Erba, che pu\u00f2 essere contattata tramite email: <\/span><span style=\"font-weight: 400;\">DPO-GDPR@metaltex.com<\/span><span style=\"font-weight: 400;\">.<\/span><\/p>\n<h3><b>Informazioni generali sul trattamento dei dati <\/b><\/h3>\n<ol>\n<li><b> Ambito di trattamento dei dati personali<\/b><b><br \/>\n<\/b><span style=\"font-weight: 400;\">In generale, trattiamo i dati personali dei nostri utenti solo nella misura necessaria per fornire un sito web funzionale e garantire i nostri contenuti e servizi. I dati personali dei nostri utenti vengono regolarmente trattati solo dopo aver ottenuto il loro consenso, a meno che per ragioni di fatto non sia possibile ottenere un consenso preventivo e il trattamento dei dati sia autorizzato dalla legge.<\/span><\/li>\n<li><b> Cancellazione dei dati e periodo di conservazione<\/b><b><br \/>\n<\/b><span style=\"font-weight: 400;\">I dati personali vengono cancellati o bloccati quando lo scopo per cui sono conservati non \u00e8 pi\u00f9 valido. Inoltre, possono essere conservati se ci\u00f2 \u00e8 stabilito da regolamenti europei o nazionali, leggi o altre disposizioni dell&#8217;Unione Europea che si applicano al responsabile del trattamento. Inoltre, i dati vengono bloccati o cancellati al termine del periodo di conservazione stabilito dalle suddette disposizioni, a meno che non sia necessario conservarli ulteriormente per stipulare o eseguire un contratto.<\/span><\/li>\n<\/ol>\n<h3><b>Fornitura dei dati al sito web e creazione di file di log <\/b><\/h3>\n<p><b>1.Descrizione e ambito di trattamento dei dati da parte del fornitore<\/b><b><br \/>\n<\/b><span style=\"font-weight: 400;\">Quando l&#8217;utente visita il nostro sito web, il sistema raccoglie automaticamente dati e informazioni dal sistema informatico del computer dell&#8217;utente.<\/span><\/p>\n<p><span style=\"font-weight: 400;\">Vengono raccolti i seguenti dati:<\/span><\/p>\n<ul>\n<li style=\"font-weight: 400;\" aria-level=\"1\"><span style=\"font-weight: 400;\">informazioni sul tipo di browser e la sua versione<\/span><\/li>\n<li style=\"font-weight: 400;\" aria-level=\"1\"><span style=\"font-weight: 400;\">sistema operativo dell&#8217;utente<\/span><\/li>\n<li style=\"font-weight: 400;\" aria-level=\"1\"><span style=\"font-weight: 400;\">indirizzo IP dell&#8217;utente<\/span><\/li>\n<li style=\"font-weight: 400;\" aria-level=\"1\"><span style=\"font-weight: 400;\">data e ora di accesso<\/span><\/li>\n<li style=\"font-weight: 400;\" aria-level=\"1\"><span style=\"font-weight: 400;\">siti web da cui l&#8217;utente visita il nostro sito web<\/span><\/li>\n<li style=\"font-weight: 400;\" aria-level=\"1\"><span style=\"font-weight: 400;\">pagine visitate, consumo di banda e data dell&#8217;ultima visita<\/span><\/li>\n<li style=\"font-weight: 400;\" aria-level=\"1\"><span style=\"font-weight: 400;\">numero di download relativi a ogni documento scaricabile dal sito web<\/span><\/li>\n<\/ul>\n<p><b>2. Base giuridica per il trattamento dei dati<\/b><b><br \/>\n<\/b><span style=\"font-weight: 400;\">La base giuridica per la conservazione temporanea dei dati e dei file di log \u00e8 rappresentata dal punto f) dell&#8217;articolo 6(1) del GDPR.<\/span><\/p>\n<p><b>3. Scopi del trattamento dei dati<\/b><b><br \/>\n<\/b><span style=\"font-weight: 400;\">La conservazione temporanea dell&#8217;indirizzo IP dell&#8217;utente da parte del nostro sistema \u00e8 necessaria per garantire che il computer dell&#8217;utente possa accedere al nostro sito web. Per questo motivo, l&#8217;indirizzo IP dell&#8217;utente viene salvato durante la sessione. I dati personali vengono salvati nei file di log per garantire il funzionamento del sito web. Inoltre, questi dati vengono utilizzati per ottimizzare il nostro sito web e garantire la sicurezza dei nostri sistemi informatici. In questo contesto, i dati non vengono analizzati per scopi di marketing. <\/span>I nostri interessi legittimi nel trattamento dei dati rientrano anche nell&#8217;ambito dei suddetti scopi ai sensi del punto f) dell&#8217;articolo 6(1) del GDPR.<\/p>\n<p><b>4. Periodo di conservazione<\/b><b><br \/>\n<\/b><span style=\"font-weight: 400;\">I dati personali vengono cancellati appena non pi\u00f9 necessari per raggiungere gli scopi per cui sono stati raccolti. Se i dati personali vengono raccolti per essere resi disponibili sul sito web, vengono cancellati al termine della sessione. Se i dati sono archiviati nei file di log, vengono cancellati entro un massimo di sette giorni. Un periodo di conservazione pi\u00f9 lungo potrebbe essere possibile. In tal caso, gli indirizzi IP dell&#8217;utente vengono cancellati o distorti in modo che non possa essere fatta alcuna correlazione con il cliente pertinente. <\/span><\/p>\n<p><b>5. Possibilit\u00e0 di opporsi ed eliminare i dati <\/b><b><br \/>\n<\/b><span style=\"font-weight: 400;\">La raccolta dei dati per la loro fornitura al sito web e la conservazione dei dati nei file di log sono essenziali per il funzionamento del sito web. Pertanto, l&#8217;utente non pu\u00f2 opporsi a ci\u00f2.<\/span><\/p>\n<h3><b>Comunicazioni via email <\/b><\/h3>\n<ol>\n<li><b> Descrizione e ambito di trattamento dei dati<\/b><b><br \/>\n<\/b><span style=\"font-weight: 400;\">\u00c8 possibile contattarci tramite email. In tal caso, i tuoi dati personali forniti tramite email verranno salvati. In questo contesto, i tuoi dati non verranno trasmessi a terzi. I tuoi dati saranno utilizzati esclusivamente per gestire la nostra conversazione.<\/span><\/li>\n<li><b> Base giuridica per il trattamento dei dati <\/b><b><br \/>\n<\/b><span style=\"font-weight: 400;\">La base giuridica per il trattamento dei dati inviati tramite email \u00e8 rappresentata dal punto f) dell&#8217;articolo 6(1) del GDPR. Se la comunicazione via email \u00e8 necessaria per concludere un contratto, un&#8217;altra base giuridica per il trattamento \u00e8 rappresentata dal punto b) dell&#8217;articolo 6(1) del GDPR. <\/span><\/li>\n<li><b> Scopi del trattamento dei dati<\/b><b><br \/>\n<\/b><span style=\"font-weight: 400;\">Anche nel caso delle comunicazioni via email, il trattamento \u00e8 necessario per perseguire gli interessi legittimi.<\/span><\/li>\n<li><b> Periodo di conservazione <\/b><b><br \/>\n<\/b><span style=\"font-weight: 400;\">I dati personali vengono cancellati non appena non sono pi\u00f9 necessari per raggiungere gli scopi per cui sono stati raccolti, salvo che la loro conservazione sia richiesta per motivi legali o esista un rapporto contrattuale. I dati personali forniti tramite email vengono cancellati al termine della conversazione con l&#8217;utente. La conversazione si conclude quando dalle circostanze del caso si pu\u00f2 dedurre che i fatti in questione siano stati definitivamente chiariti.<\/span><\/li>\n<li><b> Possibilit\u00e0 di opporsi ed eliminare i dati<\/b><b><br \/>\n<\/b><span style=\"font-weight: 400;\">L&#8217;utente pu\u00f2 revocare il suo consenso al trattamento dei dati personali che lo riguardano in qualsiasi momento. Se l&#8217;utente ci contatta tramite email, pu\u00f2 opporsi in qualsiasi momento alla conservazione dei dati personali che lo riguardano. In tal caso, la conversazione si conclude. Se desideri esercitare i tuoi diritti in questo senso, ti preghiamo di contattarci utilizzando i dettagli di contatto riportati nelle note legali all&#8217;indirizzo <\/span><span style=\"font-weight: 400;\">privacy.web@metaltex.com<\/span><span style=\"font-weight: 400;\">. In tal caso, tutti i dati personali che sono stati salvati durante le nostre comunicazioni verranno cancellati. <\/span><\/li>\n<\/ol>\n<h3><b>Diritti dell&#8217;interessato <\/b><\/h3>\n<p><span style=\"font-weight: 400;\">Qualora i tuoi dati personali siano trattati, tu sei l&#8217;interessato ai sensi del GDPR e hai i seguenti diritti nei confronti del titolare del trattamento: <\/span><\/p>\n<p><b>1. Diritto di accesso<\/b><b><br \/>\n<\/b><span style=\"font-weight: 400;\">Hai il diritto di ottenere dal titolare del trattamento la conferma che vengano o meno trattati dati personali che ti riguardano.<\/span><\/p>\n<p><span style=\"font-weight: 400;\">Nel caso affermativo, hai il diritto di ottenere dal titolare del trattamento l&#8217;accesso alle seguenti informazioni:<\/span><\/p>\n<ul>\n<li style=\"font-weight: 400;\" aria-level=\"1\"><span style=\"font-weight: 400;\">le finalit\u00e0 del trattamento;<\/span><\/li>\n<li style=\"font-weight: 400;\" aria-level=\"1\"><span style=\"font-weight: 400;\">le categorie di dati personali interessati;<\/span><\/li>\n<li style=\"font-weight: 400;\" aria-level=\"1\"><span style=\"font-weight: 400;\">i destinatari o le categorie di destinatari a cui i dati personali sono stati o saranno comunicati;<\/span><\/li>\n<li style=\"font-weight: 400;\" aria-level=\"1\"><span style=\"font-weight: 400;\">il periodo di conservazione previsto per i dati personali, oppure, se ci\u00f2 non \u00e8 possibile, i criteri utilizzati per determinare tale periodo;<\/span><\/li>\n<li style=\"font-weight: 400;\" aria-level=\"1\"><span style=\"font-weight: 400;\">l&#8217;esistenza del diritto di chiedere al titolare del trattamento la rettifica o la cancellazione dei dati personali o la limitazione del trattamento di dati personali che ti riguardano o di opporti a tale trattamento;<\/span><\/li>\n<li style=\"font-weight: 400;\" aria-level=\"1\"><span style=\"font-weight: 400;\">il diritto di presentare reclamo a un&#8217;autorit\u00e0 di controllo;<\/span><\/li>\n<li style=\"font-weight: 400;\" aria-level=\"1\"><span style=\"font-weight: 400;\">qualora i dati personali non siano stati raccolti presso l&#8217;interessato, tutte le informazioni disponibili sulla loro origine;<\/span><\/li>\n<li style=\"font-weight: 400;\" aria-level=\"1\"><span style=\"color: var(--awb-text-color); font-size: var(--awb-font-size); font-style: var(--awb-text-font-style); letter-spacing: var(--awb-letter-spacing); text-align: var(--awb-content-alignment); text-transform: var(--awb-text-transform); background-color: var(--awb-bg-color-hover);\">l&#8217;esistenza di processi decisionali automatizzati, compresa la profilazione, di cui all&#8217;articolo 22, paragrafo 1 e 4 del GDPR, e, almeno in tali casi, informazioni significative sulla logica utilizzata, nonch\u00e9 l&#8217;importanza e le conseguenze previste di tale trattamento per l&#8217;interessato. Se i tuoi dati personali vengono trasferiti a un paese terzo o a un&#8217;organizzazione internazionale, hai il diritto di essere informato in merito. A tal proposito, puoi richiedere di essere informato sull&#8217;esistenza di garanzie adeguate ai sensi dell&#8217;articolo 46 del GDPR in relazione al trasferimento.<\/span><\/li>\n<\/ul>\n<p><b>2. Diritto di rettifica<\/b><b><br \/>\n<\/b><span style=\"font-weight: 400;\">Hai il diritto di ottenere dal titolare del trattamento la rettifica dei dati personali inesatti che ti riguardano o l&#8217;integrazione dei dati personali incompleti. Il titolare del trattamento provveder\u00e0 alla rettifica senza ritardo ingiustificato <\/span><\/p>\n<p><b>3. Diritto di limitazione del trattamento<\/b><b><br \/>\n<\/b><span style=\"font-weight: 400;\">Hai il diritto di ottenere dal titolare del trattamento la limitazione del trattamento dei tuoi dati personali in uno dei seguenti casi:<\/span><\/p>\n<ul>\n<li style=\"font-weight: 400;\" aria-level=\"1\"><span style=\"font-weight: 400;\">qualora tu contesti l&#8217;accuratezza dei dati personali che ti riguardano, per un periodo che consenta al titolare del trattamento di verificare l&#8217;accuratezza di tali dati personali;<\/span><\/li>\n<li style=\"font-weight: 400;\" aria-level=\"1\"><span style=\"font-weight: 400;\">qualora il trattamento sia illecito e ti opponi all&#8217;eliminazione dei dati personali, richiedendo invece la limitazione del loro utilizzo;<\/span><\/li>\n<li style=\"font-weight: 400;\" aria-level=\"1\"><span style=\"font-weight: 400;\">qualora il titolare del trattamento non abbia pi\u00f9 bisogno dei dati personali per le finalit\u00e0 del trattamento, ma essi siano necessari a te per l&#8217;accertamento, l&#8217;esercizio o la difesa di un diritto in sede legale;<\/span><\/li>\n<li style=\"font-weight: 400;\" aria-level=\"1\"><span style=\"font-weight: 400;\">qualora tu ti sia opposto al trattamento ai sensi dell&#8217;articolo 21, paragrafo 1 del GDPR in attesa di verificare se le ragioni legittime del titolare del trattamento prevalgano sulle tue.<\/span><\/li>\n<\/ul>\n<p><span style=\"font-weight: 400;\">Qualora il trattamento sia stato limitato in base al precedente paragrafo, i tuoi dati personali saranno trattati, ad eccezione della conservazione, solo con il tuo consenso o per l&#8217;accertamento, l&#8217;esercizio o la difesa di un diritto in sede legale o per la tutela dei diritti di un&#8217;altra persona fisica o giuridica o per motivi di interesse pubblico rilevante dell&#8217;Unione o di uno Stato membro.<\/span><\/p>\n<p><span style=\"font-weight: 400;\">Se hai ottenuto la limitazione del trattamento nei casi sopra indicati, il titolare del trattamento ti informer\u00e0 prima di rimuovere la limitazione del trattamento.<\/span><\/p>\n<p><b>4. Diritto alla cancellazione<\/b><\/p>\n<p><span style=\"font-weight: 400;\">a) Obbligo di cancellazione dei dati <\/span><\/p>\n<p><span style=\"font-weight: 400;\">Hai il diritto di ottenere dal titolare del trattamento la cancellazione dei dati personali che ti riguardano senza indebito ritardo e il titolare del trattamento ha l&#8217;obbligo di cancellare i dati personali senza indebito ritardo qualora sussista una delle seguenti ragioni:<\/span><\/p>\n<ul>\n<li style=\"font-weight: 400;\" aria-level=\"1\"><span style=\"font-weight: 400;\">i dati personali che ti riguardano non sono pi\u00f9 necessari rispetto agli scopi per i quali sono stati raccolti o altrimenti trattati;<\/span><\/li>\n<li style=\"font-weight: 400;\" aria-level=\"1\"><span style=\"font-weight: 400;\">revochi il consenso su cui si basa il trattamento ai sensi del punto a) dell&#8217;articolo 6(1), o del punto a) dell&#8217;articolo 9(2) del GDPR, e non sussiste altro fondamento giuridico per il trattamento;<\/span><\/li>\n<li style=\"font-weight: 400;\" aria-level=\"1\"><span style=\"font-weight: 400;\">ti opponi al trattamento ai sensi dell&#8217;articolo 21(1) del GDPR e non sussistono motivi legittimi prevalenti per il trattamento, oppure ti opponi al trattamento ai sensi dell&#8217;articolo 21(2) del GDPR;<\/span><\/li>\n<li style=\"font-weight: 400;\" aria-level=\"1\"><span style=\"font-weight: 400;\">i dati personali che ti riguardano sono stati trattati illecitamente;<\/span><\/li>\n<li style=\"font-weight: 400;\" aria-level=\"1\"><span style=\"font-weight: 400;\">i dati personali che ti riguardano devono essere cancellati per adempiere a un obbligo legale previsto dal diritto dell&#8217;Unione o degli Stati membri cui \u00e8 soggetto il titolare del trattamento;<\/span><\/li>\n<li style=\"font-weight: 400;\" aria-level=\"1\"><span style=\"font-weight: 400;\">i dati personali che ti riguardano sono stati raccolti in relazione all&#8217;offerta di servizi della societ\u00e0 dell&#8217;informazione di cui all&#8217;articolo 8(1) del GDPR. <\/span><\/li>\n<\/ul>\n<p><span style=\"font-weight: 400;\">b) Informazioni a terzi <\/span><\/p>\n<p><span style=\"font-weight: 400;\">Qualora il responsabile del trattamento abbia reso pubblici i dati personali che ti riguardano e sia obbligato, ai sensi dell&#8217;articolo 17(1) del GDPR, a cancellarli, il responsabile del trattamento, tenendo conto delle tecnologie disponibili e dei costi di attuazione, adotter\u00e0 misure ragionevoli, comprese misure tecniche, per informare i responsabili del trattamento che stanno trattando i dati personali che hai richiesto la cancellazione, di qualsiasi collegamento o copia o replicazione di tali dati personali. <\/span><\/p>\n<p><span style=\"font-weight: 400;\">c) Eccezioni<\/span><\/p>\n<p><span style=\"font-weight: 400;\">Il diritto alla cancellazione non si applica nella misura in cui il trattamento \u00e8 necessario:<\/span><\/p>\n<ul>\n<li style=\"font-weight: 400;\" aria-level=\"1\"><span style=\"font-weight: 400;\">per l&#8217;esercizio del diritto alla libert\u00e0 di espressione e di informazione;<\/span><\/li>\n<li style=\"font-weight: 400;\" aria-level=\"1\"><span style=\"font-weight: 400;\">per adempiere a un obbligo legale che richiede il trattamento previsto dal diritto dell&#8217;Unione o degli Stati membri cui il responsabile del trattamento \u00e8 soggetto o per l&#8217;esecuzione di un compito svolto nel pubblico interesse o nell&#8217;esercizio di pubblici poteri conferiti al responsabile del trattamento;<\/span><\/li>\n<li style=\"font-weight: 400;\" aria-level=\"1\"><span style=\"font-weight: 400;\">per motivi di interesse pubblico nel campo della salute pubblica, in conformit\u00e0 ai punti h) e i) dell&#8217;articolo 9(2) e all&#8217;articolo 9(3) del GDPR;<\/span><\/li>\n<li style=\"font-weight: 400;\" aria-level=\"1\"><span style=\"font-weight: 400;\">per fini di archiviazione nell&#8217;interesse pubblico, di ricerca scientifica o storica o a fini statistici, in conformit\u00e0 all&#8217;articolo 89(1) del GDPR, nella misura in cui il diritto di cui al paragrafo a) rende impossibile o pregiudica gravemente il conseguimento degli obiettivi di tale trattamento;<\/span><\/li>\n<li style=\"font-weight: 400;\" aria-level=\"1\"><span style=\"font-weight: 400;\">per l\u2019accertamento, l\u2019esercizio o la difesa di un diritto in sede giudiziaria.<\/span><\/li>\n<\/ul>\n<p><b>5. Diritto di notifica<\/b><b><br \/>\n<\/b><span style=\"font-weight: 400;\">Se hai esercitato il tuo diritto di rettifica, il responsabile del trattamento comunicher\u00e0 a ciascun destinatario a cui sono stati comunicati i dati personali ogni rettifica o cancellazione dei dati personali o limitazione del trattamento, salvo che ci\u00f2 si riveli impossibile o comporti uno sforzo sproporzionato.<\/span><\/p>\n<p><span style=\"font-weight: 400;\">Il responsabile del trattamento ti informer\u00e0 su tali destinatari se lo richiedi. <\/span><\/p>\n<p><b>6. Diritto alla portabilit\u00e0 dei dati<\/b><b><br \/>\n<\/b><span style=\"font-weight: 400;\">Hai il diritto di ricevere i dati personali che ti riguardano, forniti al responsabile del trattamento, in un formato strutturato, di uso comune e leggibile da dispositivo automatico. Hai anche il diritto di trasmettere tali dati a un altro responsabile del trattamento senza impedimenti da parte del responsabile a cui sono stati forniti i dati personali, qualora sussistano le seguenti condizioni:<\/span><\/p>\n<ul>\n<li style=\"font-weight: 400;\" aria-level=\"1\"><span style=\"font-weight: 400;\">il trattamento si basa sul consenso ai sensi del punto a) dell&#8217;articolo 6(1) o del punto a) dell&#8217;articolo 9(2) del GDPR o su un contratto ai sensi del punto b) dell&#8217;articolo 6(1) del GDPR;<\/span><\/li>\n<li style=\"font-weight: 400;\" aria-level=\"1\"><span style=\"font-weight: 400;\">il trattamento viene effettuato con mezzi automatizzati.<\/span><\/li>\n<\/ul>\n<p><span style=\"font-weight: 400;\">Nell&#8217;esercitare questo diritto, hai anche il diritto di far trasmettere i dati personali direttamente da un responsabile del trattamento a un altro, qualora ci\u00f2 sia tecnicamente fattibile. Questo diritto non pregiudica i diritti e le libert\u00e0 degli altri.<\/span><\/p>\n<p><span style=\"font-weight: 400;\">Il diritto alla portabilit\u00e0 dei dati non si applica al trattamento necessario per l&#8217;esecuzione di un compito svolto nel pubblico interesse o nell&#8217;esercizio dell&#8217;autorit\u00e0 pubblica conferita al responsabile del trattamento<\/span><\/p>\n<p><b>7. Diritto di opposizione<\/b><\/p>\n<p><span style=\"font-weight: 400;\">Hai il diritto di opporti in qualsiasi momento, per motivi connessi alla tua situazione particolare, al trattamento dei dati personali che ti riguardano, basato sull&#8217;articolo 6(1), punto e) o f) del GDPR, compresa la profilazione basata su tali disposizioni.<\/span><\/p>\n<p><span style=\"font-weight: 400;\">Il responsabile del trattamento non tratter\u00e0 pi\u00f9 i dati personali che ti riguardano, salvo che dimostri l&#8217;esistenza di motivi legittimi cogenti per il trattamento che prevalgono sui tuoi interessi, diritti e libert\u00e0, oppure per l&#8217;instaurazione, l&#8217;esercizio o la difesa di azioni legali.<\/span><span style=\"font-weight: 400;\">Qualora i dati personali che ti riguardano siano trattati per scopi di marketing diretto, hai il diritto di opporsi in qualsiasi momento al trattamento dei dati personali che ti riguardano per tali finalit\u00e0 di marketing, compresa la profilazione, nella misura in cui sia correlata a tale marketing diretto.<\/span><span style=\"font-weight: 400;\">Se ti opponi al trattamento per finalit\u00e0 di marketing diretto, i dati personali che ti riguardano non saranno pi\u00f9 trattati per tali scopi.<\/span><span style=\"font-weight: 400;\">Nel contesto dell&#8217;uso dei servizi della societ\u00e0 dell&#8217;informazione e fermo restando la direttiva 2002\/58\/CE, puoi esercitare il tuo diritto di opposizione mediante mezzi automatizzati utilizzando specifiche tecniche.<\/span><\/p>\n<\/div>\n<div><\/div>\n<p><b>8. Diritto di presentare reclamo a un&#8217;autorit\u00e0 di controllo<\/b><b><br \/>\n<\/b><span style=\"font-weight: 400;\">Senza pregiudizio per ogni altro ricorso amministrativo o giudiziario, hai il diritto di presentare reclamo a un&#8217;autorit\u00e0 di controllo, in particolare nello Stato membro in cui hai la tua residenza abituale, il luogo di lavoro o il luogo della presunta violazione, se ritieni che il trattamento dei dati personali che ti riguardano violi il GDPR. L&#8217;autorit\u00e0 di controllo presso cui \u00e8 stato presentato il reclamo informer\u00e0 il ricorrente sull&#8217;andamento e l&#8217;esito del reclamo, compresa la possibilit\u00e0 di un ricorso giudiziario ai sensi dell&#8217;articolo 78 del GDPR.<\/span><\/p>\n<\/div><\/div><\/div><\/div><\/div>\n","protected":false},"excerpt":{"rendered":"","protected":false},"author":1,"featured_media":0,"parent":0,"menu_order":0,"comment_status":"closed","ping_status":"closed","template":"","meta":{"footnotes":""},"class_list":["post-51435","page","type-page","status-publish","hentry"],"_links":{"self":[{"href":"https:\/\/www.metaltex.com\/it\/wp-json\/wp\/v2\/pages\/51435","targetHints":{"allow":["GET"]}}],"collection":[{"href":"https:\/\/www.metaltex.com\/it\/wp-json\/wp\/v2\/pages"}],"about":[{"href":"https:\/\/www.metaltex.com\/it\/wp-json\/wp\/v2\/types\/page"}],"author":[{"embeddable":true,"href":"https:\/\/www.metaltex.com\/it\/wp-json\/wp\/v2\/users\/1"}],"replies":[{"embeddable":true,"href":"https:\/\/www.metaltex.com\/it\/wp-json\/wp\/v2\/comments?post=51435"}],"version-history":[{"count":0,"href":"https:\/\/www.metaltex.com\/it\/wp-json\/wp\/v2\/pages\/51435\/revisions"}],"wp:attachment":[{"href":"https:\/\/www.metaltex.com\/it\/wp-json\/wp\/v2\/media?parent=51435"}],"curies":[{"name":"wp","href":"https:\/\/api.w.org\/{rel}","templated":true}]}}